{"id":2729,"date":"2025-01-03T13:14:39","date_gmt":"2025-01-03T11:14:39","guid":{"rendered":"https:\/\/ish-shalom.co.il\/droit-commercial\/"},"modified":"2025-02-05T22:09:21","modified_gmt":"2025-02-05T20:09:21","slug":"droit-commercial","status":"publish","type":"page","link":"https:\/\/ish-shalom.co.il\/fr\/droit-commercial\/","title":{"rendered":"Droit commercial"},"content":{"rendered":"\t\t<div data-elementor-type=\"wp-page\" data-elementor-id=\"2729\" class=\"elementor elementor-2729 elementor-1249\" data-elementor-post-type=\"page\">\n\t\t\t\t<div class=\"elementor-element elementor-element-cb9dc38 e-con-full e-flex e-con e-parent\" data-id=\"cb9dc38\" data-element_type=\"container\" data-e-type=\"container\" data-settings=\"{&quot;background_background&quot;:&quot;classic&quot;}\">\n\t\t\t\t<\/div>\n\t\t<div class=\"elementor-element elementor-element-b021043 e-con-full e-flex e-con e-parent\" data-id=\"b021043\" data-element_type=\"container\" data-e-type=\"container\" data-settings=\"{&quot;background_background&quot;:&quot;classic&quot;}\">\n\t\t\t\t<div class=\"elementor-element elementor-element-cf96aed elementor-testimonial--skin-default elementor-testimonial--layout-image_inline elementor-testimonial--align-center elementor-widget elementor-widget-testimonial-carousel\" data-id=\"cf96aed\" data-element_type=\"widget\" data-e-type=\"widget\" data-settings=\"{&quot;slides_per_view&quot;:&quot;6&quot;,&quot;speed&quot;:15000,&quot;autoplay_speed&quot;:0,&quot;slides_per_view_mobile&quot;:&quot;3&quot;,&quot;space_between_mobile&quot;:{&quot;unit&quot;:&quot;px&quot;,&quot;size&quot;:0,&quot;sizes&quot;:[]},&quot;space_between&quot;:{&quot;unit&quot;:&quot;px&quot;,&quot;size&quot;:0,&quot;sizes&quot;:[]},&quot;slides_per_view_tablet_extra&quot;:&quot;6&quot;,&quot;autoplay&quot;:&quot;yes&quot;,&quot;loop&quot;:&quot;yes&quot;,&quot;space_between_tablet_extra&quot;:{&quot;unit&quot;:&quot;px&quot;,&quot;size&quot;:10,&quot;sizes&quot;:[]},&quot;space_between_tablet&quot;:{&quot;unit&quot;:&quot;px&quot;,&quot;size&quot;:10,&quot;sizes&quot;:[]}}\" data-widget_type=\"testimonial-carousel.default\">\n\t\t\t\t<div class=\"elementor-widget-container\">\n\t\t\t\t\t\t\t\t\t<div class=\"elementor-swiper\">\n\t\t\t\t\t<div class=\"elementor-main-swiper swiper\" role=\"region\" aria-roledescription=\"carousel\" aria-label=\"\u05e1\u05dc\u05d9\u05d9\u05d3\u05d9\u05dd\">\n\t\t\t\t<div class=\"swiper-wrapper\">\n\t\t\t\t\t\t\t\t\t\t\t<div class=\"swiper-slide\" role=\"group\" aria-roledescription=\"slide\">\n\t\t\t\t\t\t\t\t\t<div class=\"elementor-testimonial\">\n\t\t\t\t\t\t\t<div class=\"elementor-testimonial__content\">\n\t\t\t\t\t<div class=\"elementor-testimonial__text\">\n\t\t\t\t\t\t<p>Imp\u00f4ts \u2022  <\/p>\n\t\t\t\t\t<\/div>\n\t\t\t\t\t\t\t\t\t<\/div>\n\t\t\t\t\t\t<div class=\"elementor-testimonial__footer\">\n\t\t\t\t\t\t\t\t\t\t\t<\/div>\n\t\t<\/div>\n\t\t\t\t\t\t\t\t<\/div>\n\t\t\t\t\t\t\t\t\t\t\t<div class=\"swiper-slide\" role=\"group\" aria-roledescription=\"slide\">\n\t\t\t\t\t\t\t\t\t<div class=\"elementor-testimonial\">\n\t\t\t\t\t\t\t<div class=\"elementor-testimonial__content\">\n\t\t\t\t\t<div class=\"elementor-testimonial__text\">\n\t\t\t\t\t\t<p>col blanc \u2022  <\/p>\n\t\t\t\t\t<\/div>\n\t\t\t\t\t\t\t\t\t<\/div>\n\t\t\t\t\t\t<div class=\"elementor-testimonial__footer\">\n\t\t\t\t\t\t\t\t\t\t\t<\/div>\n\t\t<\/div>\n\t\t\t\t\t\t\t\t<\/div>\n\t\t\t\t\t\t\t\t\t\t\t<div class=\"swiper-slide\" role=\"group\" aria-roledescription=\"slide\">\n\t\t\t\t\t\t\t\t\t<div class=\"elementor-testimonial\">\n\t\t\t\t\t\t\t<div class=\"elementor-testimonial__content\">\n\t\t\t\t\t<div class=\"elementor-testimonial__text\">\n\t\t\t\t\t\t<p>  Droit des soci\u00e9t\u00e9s \u2022  <\/p>\n\t\t\t\t\t<\/div>\n\t\t\t\t\t\t\t\t\t<\/div>\n\t\t\t\t\t\t<div class=\"elementor-testimonial__footer\">\n\t\t\t\t\t\t\t\t\t\t\t<\/div>\n\t\t<\/div>\n\t\t\t\t\t\t\t\t<\/div>\n\t\t\t\t\t\t\t\t\t\t\t<div class=\"swiper-slide\" role=\"group\" aria-roledescription=\"slide\">\n\t\t\t\t\t\t\t\t\t<div class=\"elementor-testimonial\">\n\t\t\t\t\t\t\t<div class=\"elementor-testimonial__content\">\n\t\t\t\t\t<div class=\"elementor-testimonial__text\">\n\t\t\t\t\t\t<p>Procuration durable \u2022  <\/p>\n\t\t\t\t\t<\/div>\n\t\t\t\t\t\t\t\t\t<\/div>\n\t\t\t\t\t\t<div class=\"elementor-testimonial__footer\">\n\t\t\t\t\t\t\t\t\t\t\t<\/div>\n\t\t<\/div>\n\t\t\t\t\t\t\t\t<\/div>\n\t\t\t\t\t\t\t\t\t\t\t<div class=\"swiper-slide\" role=\"group\" aria-roledescription=\"slide\">\n\t\t\t\t\t\t\t\t\t<div class=\"elementor-testimonial\">\n\t\t\t\t\t\t\t<div class=\"elementor-testimonial__content\">\n\t\t\t\t\t<div class=\"elementor-testimonial__text\">\n\t\t\t\t\t\t<p>M\u00e9diation et arbitrage \u2022<\/p>\n\t\t\t\t\t<\/div>\n\t\t\t\t\t\t\t\t\t<\/div>\n\t\t\t\t\t\t<div class=\"elementor-testimonial__footer\">\n\t\t\t\t\t\t\t\t\t\t\t<\/div>\n\t\t<\/div>\n\t\t\t\t\t\t\t\t<\/div>\n\t\t\t\t\t\t\t\t\t<\/div>\n\t\t\t\t\t\t\t\t\t\t\t\t\t\t\t\t\t\t\t\t\t<\/div>\n\t\t\t\t<\/div>\n\t\t\t\t\t\t\t\t<\/div>\n\t\t\t\t<\/div>\n\t\t\t\t<\/div>\n\t\t<div class=\"elementor-element elementor-element-63ff682 e-con-full e-flex e-con e-parent\" data-id=\"63ff682\" data-element_type=\"container\" data-e-type=\"container\" data-settings=\"{&quot;background_background&quot;:&quot;classic&quot;}\">\n\t\t<div class=\"elementor-element elementor-element-90d9f69 e-con-full e-flex e-con e-child\" data-id=\"90d9f69\" data-element_type=\"container\" data-e-type=\"container\">\n\t\t\t\t<div class=\"elementor-element elementor-element-2f022dd elementor-widget elementor-widget-breadcrumbs\" data-id=\"2f022dd\" data-element_type=\"widget\" data-e-type=\"widget\" data-widget_type=\"breadcrumbs.default\">\n\t\t\t\t<div class=\"elementor-widget-container\">\n\t\t\t\t\t<p id=\"breadcrumbs\"><span><span><a href=\"https:\/\/ish-shalom.co.il\/fr\/\">\u05d3\u05e3 \u05d4\u05d1\u05d9\u05ea<\/a><\/span><\/span><\/p>\t\t\t\t<\/div>\n\t\t\t\t<\/div>\n\t\t\t\t<div class=\"elementor-element elementor-element-023795e elementor-invisible elementor-widget elementor-widget-text-editor\" data-id=\"023795e\" data-element_type=\"widget\" data-e-type=\"widget\" data-settings=\"{&quot;_animation&quot;:&quot;fadeInUp&quot;}\" data-widget_type=\"text-editor.default\">\n\t\t\t\t<div class=\"elementor-widget-container\">\n\t\t\t\t\t\t\t\t\t<p><span style=\"font-weight: 400;\">Le droit civil et commercial est l&rsquo;un des principaux domaines du monde du droit et, dans son cadre, sont r\u00e9glement\u00e9es toutes les relations contractuelles, \u00e9conomiques et commerciales qui existent entre les individus (particuliers) et les soci\u00e9t\u00e9s et diverses entit\u00e9s commerciales. Ce domaine couvre un large \u00e9ventail de probl\u00e9matiques, depuis la r\u00e9daction de contrats complexes et la r\u00e9solution de litiges commerciaux jusqu&rsquo;\u00e0 la gestion de proc\u00e9dures judiciaires devant les tribunaux ou les arbitrages. <\/span><\/p><p><b>Qu&rsquo;est-ce que le droit civil et commercial ?<\/b><\/p><p><span style=\"font-weight: 400;\">Le droit civil et commercial traite tous les aspects des relations juridiques non p\u00e9nales, tels que\u00a0:<\/span><\/p><ul><li style=\"font-weight: 400;\" aria-level=\"1\"><b>Contrats et conventions<\/b> <span style=\"font-weight: 400;\">: r\u00e9daction, v\u00e9rification et ex\u00e9cution de contrats dans divers domaines (vente, location, travaux, partenariats, etc.).<\/span><\/li><li style=\"font-weight: 400;\" aria-level=\"1\"><b>Droit des soci\u00e9t\u00e9s<\/b> <span style=\"font-weight: 400;\">: accompagne les soci\u00e9t\u00e9s et soci\u00e9t\u00e9s dans tout ce qui touche \u00e0 la cr\u00e9ation, aux fusions et acquisitions, aux accords de partenariat, aux accords de confidentialit\u00e9, \u00e0 la responsabilit\u00e9 des dirigeants et plus encore.<\/span><\/li><li style=\"font-weight: 400;\" aria-level=\"1\"><b>Contentieux civil-commercial<\/b> <span style=\"font-weight: 400;\">: repr\u00e9senter les clients dans des litiges juridiques entre diff\u00e9rentes parties, notamment des entreprises, des fournisseurs, des partenaires commerciaux ou des clients priv\u00e9s.<\/span><\/li><li style=\"font-weight: 400;\" aria-level=\"1\"><b>Droit de la responsabilit\u00e9 civile<\/b> <span style=\"font-weight: 400;\">: traitement des r\u00e9clamations pour dommages financiers, physiques ou mentaux caus\u00e9s \u00e0 la suite d&rsquo;actes ou d&rsquo;omissions d&rsquo;un tiers.<\/span><\/li><li style=\"font-weight: 400;\" aria-level=\"1\"><b>Propri\u00e9t\u00e9 intellectuelle<\/b> <span style=\"font-weight: 400;\">: protection des droits d&rsquo;auteur, brevets, marques et secrets de fabrication.<\/span><\/li><\/ul><p><span style=\"font-weight: 400;\">Ce domaine est en constante \u00e9volution compte tenu de l\u2019\u00e9volution de l\u2019\u00e9conomie mondiale, de la technologie et des nouvelles structures commerciales. Par cons\u00e9quent, les avocats sp\u00e9cialis\u00e9s en droit civil et commercial doivent \u00eatre inform\u00e9s des pr\u00e9c\u00e9dents juridiques, des nouvelles r\u00e9glementations et lois. <\/span><\/p>\t\t\t\t\t\t\t\t<\/div>\n\t\t\t\t<\/div>\n\t\t\t\t<\/div>\n\t\t<div class=\"elementor-element elementor-element-ad711e7 e-con-full e-flex elementor-invisible e-con e-child\" data-id=\"ad711e7\" data-element_type=\"container\" data-e-type=\"container\" data-settings=\"{&quot;animation&quot;:&quot;fadeInUp&quot;}\">\n\t\t\t\t<div class=\"elementor-element elementor-element-a96dbc0 elementor-widget__width-initial elementor-widget elementor-widget-image\" data-id=\"a96dbc0\" data-element_type=\"widget\" data-e-type=\"widget\" data-widget_type=\"image.default\">\n\t\t\t\t<div class=\"elementor-widget-container\">\n\t\t\t\t\t\t\t\t\t\t\t\t\t\t\t<img fetchpriority=\"high\" decoding=\"async\" width=\"600\" height=\"500\" src=\"https:\/\/ish-shalom.co.il\/wp-content\/uploads\/2025\/01\/\u05de\u05e9\u05e4\u05d8-\u05de\u05e1\u05d7\u05e8\u05d9-600-500.jpg\" class=\"attachment-full size-full wp-image-2284\" alt=\"\" srcset=\"https:\/\/ish-shalom.co.il\/wp-content\/uploads\/2025\/01\/\u05de\u05e9\u05e4\u05d8-\u05de\u05e1\u05d7\u05e8\u05d9-600-500.jpg 600w, https:\/\/ish-shalom.co.il\/wp-content\/uploads\/2025\/01\/\u05de\u05e9\u05e4\u05d8-\u05de\u05e1\u05d7\u05e8\u05d9-600-500-300x250.jpg 300w\" sizes=\"(max-width: 600px) 100vw, 600px\" \/>\t\t\t\t\t\t\t\t\t\t\t\t\t\t\t<\/div>\n\t\t\t\t<\/div>\n\t\t\t\t<\/div>\n\t\t\t\t<\/div>\n\t\t<div class=\"elementor-element elementor-element-d24640a e-con-full e-flex e-con e-parent\" data-id=\"d24640a\" data-element_type=\"container\" data-e-type=\"container\" data-settings=\"{&quot;background_background&quot;:&quot;classic&quot;}\">\n\t\t\t\t<div class=\"elementor-element elementor-element-1beec0e elementor-invisible elementor-widget elementor-widget-text-editor\" data-id=\"1beec0e\" data-element_type=\"widget\" data-e-type=\"widget\" data-settings=\"{&quot;_animation&quot;:&quot;fadeInUp&quot;}\" data-widget_type=\"text-editor.default\">\n\t\t\t\t<div class=\"elementor-widget-container\">\n\t\t\t\t\t\t\t\t\t<p><b>L\u2019importance de la repr\u00e9sentation juridique pour les clients priv\u00e9s<\/b><\/p>\n<ol>\n<li style=\"font-weight: 400;\" aria-level=\"1\"><b>Protection des droits et int\u00e9r\u00eats<\/b><span style=\"font-weight: 400;\">: Les clients priv\u00e9s peuvent \u00eatre confront\u00e9s \u00e0 des entreprises, des compagnies d&rsquo;assurance ou des institutions financi\u00e8res disposant de nombreuses ressources. Un avocat comp\u00e9tent a su surmonter les probl\u00e8mes juridiques, \u00e9tablir des contacts avec la partie adverse et prot\u00e9ger les droits du client. <\/span><\/li>\n<li style=\"font-weight: 400;\" aria-level=\"1\"><b>Pr\u00e9vention des conflits ou des litiges<\/b> <span style=\"font-weight: 400;\">: un accompagnement juridique en amont, par exemple lors de la r\u00e9daction d&rsquo;un bail ou de l&rsquo;achat d&rsquo;un bien immobilier, permet de r\u00e9diger des accords clairs et pr\u00e9cis qui r\u00e9duisent les litiges futurs.<\/span><\/li>\n<li style=\"font-weight: 400;\" aria-level=\"1\"><b>Repr\u00e9sentation devant les tribunaux<\/b> <span style=\"font-weight: 400;\">: en cas de litige ou de proc\u00e9dure judiciaire, l&rsquo;avocat construira une strat\u00e9gie appropri\u00e9e, pr\u00e9parera le client \u00e0 la proc\u00e9dure et le repr\u00e9sentera professionnellement devant les autorit\u00e9s judiciaires.<\/span><\/li>\n<\/ol>\n<p><b>L\u2019importance de la repr\u00e9sentation juridique pour les soci\u00e9t\u00e9s et les entreprises<\/b><\/p>\n<ol>\n<li style=\"font-weight: 400;\" aria-level=\"1\"><b>Conseil et accompagnement continu des entreprises<\/b> <span style=\"font-weight: 400;\">: les entreprises et les organisations ont besoin d&rsquo;un accompagnement juridique continu pour garantir le respect des dispositions l\u00e9gales, la conformit\u00e9 r\u00e9glementaire et la protection des int\u00e9r\u00eats commerciaux.<\/span><\/li>\n<\/ol>\n<p><b>gestion des risques<\/b><span style=\"font-weight: 400;\">: Dans une r\u00e9alit\u00e9 comp\u00e9titive et dynamique, les entreprises sont expos\u00e9es \u00e0 des risques juridiques complexes (tels que des poursuites commerciales, des violations de contrats et des requ\u00eates administratives). Un avocat aide \u00e0 identifier les risques \u00e0 l\u2019avance et \u00e0 formuler une r\u00e9ponse efficace. <br \/><\/span><\/p>\n<ol>\n<li style=\"font-weight: 400;\" aria-level=\"1\"><b>N\u00e9gociation et m\u00e9diation<\/b><span style=\"font-weight: 400;\">: Souvent, les diff\u00e9rends commerciaux peuvent \u00eatre r\u00e9solus \u00e0 l&rsquo;amiable en recourant \u00e0 la m\u00e9diation ou \u00e0 la n\u00e9gociation directe. Une repr\u00e9sentation juridique de qualit\u00e9 permet de parvenir \u00e0 des accords \u00e9quitables qui \u00e9vitent des d\u00e9lais et des co\u00fbts importants. <\/span><\/li>\n<\/ol>\n<p><span style=\"font-weight: 400;\"> <\/span><\/p>\n<p><b>Contentieux civil-commercial<\/b><\/p>\n<p><span style=\"font-weight: 400;\">L&rsquo;un des \u00e9l\u00e9ments cl\u00e9s du droit civil et commercial est<\/span> <b>le contentieux<\/b><span style=\"font-weight: 400;\">, c&rsquo;est-\u00e0-dire g\u00e9rer les dossiers de poursuite et de d\u00e9fense devant les diff\u00e9rentes juridictions judiciaires. Un plaideur exp\u00e9riment\u00e9 est requis, poss\u00e9dant des comp\u00e9tences en recherche, en analyse juridique et en repr\u00e9sentation frontale convaincante. Dans des situations de conflit complexes, un avocat exp\u00e9riment\u00e9 pr\u00e9sentera au client diverses options &#8211; comme demander une m\u00e9diation, un arbitrage ou une n\u00e9gociation &#8211; et recommandera la solution la plus efficace et la plus appropri\u00e9e.  <\/span><\/p>\n<p><span style=\"font-weight: 400;\"> <\/span><\/p>\n<p><b>Avantages de faire appel \u00e0 un avocat sp\u00e9cialis\u00e9 en droit civil et commercial<\/b><\/p>\n<ul>\n<li style=\"font-weight: 400;\" aria-level=\"1\"><b>Connaissance approfondie du droit et des d\u00e9cisions<\/b> <span style=\"font-weight: 400;\">: La sp\u00e9cialisation dans le domaine garantit une compr\u00e9hension plus large de la l\u00e9gislation et des pr\u00e9c\u00e9dents actuels, ce qui contribue \u00e0 construire une infrastructure juridique solide pour chaque proc\u00e9dure.<\/span><\/li>\n<li style=\"font-weight: 400;\" aria-level=\"1\"><b>Adaptation aux besoins du client<\/b> <span style=\"font-weight: 400;\">: chaque cas est diff\u00e9rent, il est donc important d&rsquo;obtenir une solution unique adapt\u00e9e aux besoins personnels ou professionnels du client.<\/span><\/li>\n<li style=\"font-weight: 400;\" aria-level=\"1\"><b>Vue strat\u00e9gique<\/b> <span style=\"font-weight: 400;\">: Un avocat dans le domaine civil-commercial voit la situation dans son ensemble, examine les aspects juridiques, commerciaux et \u00e9conomiques et conseille sur la mani\u00e8re d&rsquo;agir de mani\u00e8re \u00e0 minimiser les risques et \u00e0 augmenter les opportunit\u00e9s.<\/span><\/li>\n<li style=\"font-weight: 400;\" aria-level=\"1\"><b>Gestion de crise<\/b> <span style=\"font-weight: 400;\">: lors d&rsquo;un conflit ou d&rsquo;un probl\u00e8me juridique complexe, la disponibilit\u00e9 de professionnels exp\u00e9riment\u00e9s permet une prise de d\u00e9cision rapide et \u00e9clair\u00e9e qui contribue \u00e0 \u00e9viter une escalade inutile du litige.<\/span><\/li>\n<\/ul>\n<p><span style=\"font-weight: 400;\"> <\/span><\/p>\n<p><b>En r\u00e9sum\u00e9:<\/b><\/p>\n<p><span style=\"font-weight: 400;\">Le droit civil et commercial est un domaine essentiel dans le monde moderne, qui touche tous ceux qui communiquent dans le cadre de transactions, de partenariats et de contrats &#8211; qu&rsquo;il s&rsquo;agisse de clients priv\u00e9s ayant besoin d&rsquo;une protection juridique ou qu&rsquo;il s&rsquo;agisse d&rsquo;entreprises cherchant \u00e0 saisir des opportunit\u00e9s commerciales et \u00e0 g\u00e9rer les risques de mani\u00e8re mani\u00e8re intelligente.<\/span><span style=\"font-weight: 400;\"><\/p>\n<p><\/span><\/p>\n<p><span style=\"font-weight: 400;\">La repr\u00e9sentation l\u00e9gale par un avocat comp\u00e9tent dans le domaine permet une conduite \u00e9clair\u00e9e, un accompagnement professionnel \u00e0 toutes les \u00e9tapes du processus et une maximisation des avantages juridiques et \u00e9conomiques. Gr\u00e2ce \u00e0 des conseils pr\u00e9cis, une pr\u00e9paration ad\u00e9quate et un traitement juridique de qualit\u00e9, il est possible de garantir que les int\u00e9r\u00eats de chaque client \u2013 \u200b\u200bpriv\u00e9 ou professionnel \u2013 seront prot\u00e9g\u00e9s de mani\u00e8re optimale. <\/span><\/p><\/p>\n\t\t\t\t\t\t\t\t<\/div>\n\t\t\t\t<\/div>\n\t\t\t\t<\/div>\n\t\t\t\t<\/div>\n\t\t","protected":false},"excerpt":{"rendered":"<p>Imp\u00f4ts \u2022 col blanc \u2022 Droit des soci\u00e9t\u00e9s \u2022 Procuration durable \u2022 M\u00e9diation et arbitrage \u2022 Le droit civil et commercial est l&rsquo;un des principaux domaines du monde du droit et, dans son cadre, sont r\u00e9glement\u00e9es toutes les relations contractuelles, \u00e9conomiques et commerciales qui existent entre les individus (particuliers) et les soci\u00e9t\u00e9s et diverses entit\u00e9s [&hellip;]<\/p>\n","protected":false},"author":1,"featured_media":0,"parent":0,"menu_order":0,"comment_status":"closed","ping_status":"closed","template":"elementor_header_footer","meta":{"footnotes":""},"class_list":["post-2729","page","type-page","status-publish","hentry"],"yoast_head":"<!-- This site is optimized with the Yoast SEO plugin v27.4 - https:\/\/yoast.com\/product\/yoast-seo-wordpress\/ -->\n<title>Droit commercial - \u05d9\u05e0\u05d9\u05d1 \u05d0\u05d9\u05e9 \u05e9\u05dc\u05d5\u05dd \u05de\u05e9\u05e8\u05d3 \u05e2\u05d5\u05e8\u05db\u05d9 \u05d3\u05d9\u05df<\/title>\n<meta name=\"description\" content=\"Le droit civil et commercial est l&#039;un des principaux domaines du monde du droit et, dans son cadre, sont r\u00e9glement\u00e9es toutes les relations contractuelles, \u00e9conomiques et commerciales qui existent entre les individus.\" \/>\n<meta name=\"robots\" content=\"index, follow, max-snippet:-1, max-image-preview:large, max-video-preview:-1\" \/>\n<link rel=\"canonical\" href=\"https:\/\/ish-shalom.co.il\/fr\/droit-commercial\/\" \/>\n<meta property=\"og:locale\" content=\"fr_FR\" \/>\n<meta property=\"og:type\" content=\"article\" \/>\n<meta property=\"og:title\" content=\"Droit commercial - \u05d9\u05e0\u05d9\u05d1 \u05d0\u05d9\u05e9 \u05e9\u05dc\u05d5\u05dd \u05de\u05e9\u05e8\u05d3 \u05e2\u05d5\u05e8\u05db\u05d9 \u05d3\u05d9\u05df\" \/>\n<meta property=\"og:description\" content=\"Le droit civil et commercial est l&#039;un des principaux domaines du monde du droit et, dans son cadre, sont r\u00e9glement\u00e9es toutes les relations contractuelles, \u00e9conomiques et commerciales qui existent entre les individus.\" \/>\n<meta property=\"og:url\" content=\"https:\/\/ish-shalom.co.il\/fr\/droit-commercial\/\" \/>\n<meta property=\"og:site_name\" content=\"\u05d9\u05e0\u05d9\u05d1 \u05d0\u05d9\u05e9 \u05e9\u05dc\u05d5\u05dd \u05de\u05e9\u05e8\u05d3 \u05e2\u05d5\u05e8\u05db\u05d9 \u05d3\u05d9\u05df\" \/>\n<meta property=\"article:modified_time\" content=\"2025-02-05T20:09:21+00:00\" \/>\n<meta name=\"twitter:card\" content=\"summary_large_image\" \/>\n<meta name=\"twitter:label1\" content=\"Dur\u00e9e de lecture estim\u00e9e\" \/>\n\t<meta name=\"twitter:data1\" content=\"5 minutes\" \/>\n<script type=\"application\/ld+json\" class=\"yoast-schema-graph\">{\"@context\":\"https:\\\/\\\/schema.org\",\"@graph\":[{\"@type\":\"WebPage\",\"@id\":\"https:\\\/\\\/ish-shalom.co.il\\\/fr\\\/droit-commercial\\\/\",\"url\":\"https:\\\/\\\/ish-shalom.co.il\\\/fr\\\/droit-commercial\\\/\",\"name\":\"Droit commercial - \u05d9\u05e0\u05d9\u05d1 \u05d0\u05d9\u05e9 \u05e9\u05dc\u05d5\u05dd \u05de\u05e9\u05e8\u05d3 \u05e2\u05d5\u05e8\u05db\u05d9 \u05d3\u05d9\u05df\",\"isPartOf\":{\"@id\":\"https:\\\/\\\/ish-shalom.co.il\\\/fr\\\/#website\"},\"datePublished\":\"2025-01-03T11:14:39+00:00\",\"dateModified\":\"2025-02-05T20:09:21+00:00\",\"description\":\"Le droit civil et commercial est l'un des principaux domaines du monde du droit et, dans son cadre, sont r\u00e9glement\u00e9es toutes les relations contractuelles, \u00e9conomiques et commerciales qui existent entre les individus.\",\"breadcrumb\":{\"@id\":\"https:\\\/\\\/ish-shalom.co.il\\\/fr\\\/droit-commercial\\\/#breadcrumb\"},\"inLanguage\":\"fr-FR\",\"potentialAction\":[{\"@type\":\"ReadAction\",\"target\":[\"https:\\\/\\\/ish-shalom.co.il\\\/fr\\\/droit-commercial\\\/\"]}]},{\"@type\":\"BreadcrumbList\",\"@id\":\"https:\\\/\\\/ish-shalom.co.il\\\/fr\\\/droit-commercial\\\/#breadcrumb\",\"itemListElement\":[{\"@type\":\"ListItem\",\"position\":1,\"name\":\"\u05d3\u05e3 \u05d4\u05d1\u05d9\u05ea\",\"item\":\"https:\\\/\\\/ish-shalom.co.il\\\/fr\\\/\"},{\"@type\":\"ListItem\",\"position\":2,\"name\":\"Droit commercial\"}]},{\"@type\":\"WebSite\",\"@id\":\"https:\\\/\\\/ish-shalom.co.il\\\/fr\\\/#website\",\"url\":\"https:\\\/\\\/ish-shalom.co.il\\\/fr\\\/\",\"name\":\"\u05d9\u05e0\u05d9\u05d1 \u05d0\u05d9\u05e9 \u05e9\u05dc\u05d5\u05dd \u05de\u05e9\u05e8\u05d3 \u05e2\u05d5\u05e8\u05db\u05d9 \u05d3\u05d9\u05df\",\"description\":\"\",\"publisher\":{\"@id\":\"https:\\\/\\\/ish-shalom.co.il\\\/fr\\\/#organization\"},\"potentialAction\":[{\"@type\":\"SearchAction\",\"target\":{\"@type\":\"EntryPoint\",\"urlTemplate\":\"https:\\\/\\\/ish-shalom.co.il\\\/fr\\\/?s={search_term_string}\"},\"query-input\":{\"@type\":\"PropertyValueSpecification\",\"valueRequired\":true,\"valueName\":\"search_term_string\"}}],\"inLanguage\":\"fr-FR\"},{\"@type\":\"Organization\",\"@id\":\"https:\\\/\\\/ish-shalom.co.il\\\/fr\\\/#organization\",\"name\":\"\u05d9\u05e0\u05d9\u05d1 \u05d0\u05d9\u05e9 \u05e9\u05dc\u05d5\u05dd \u05de\u05e9\u05e8\u05d3 \u05e2\u05d5\u05e8\u05db\u05d9 \u05d3\u05d9\u05df\",\"url\":\"https:\\\/\\\/ish-shalom.co.il\\\/fr\\\/\",\"logo\":{\"@type\":\"ImageObject\",\"inLanguage\":\"fr-FR\",\"@id\":\"https:\\\/\\\/ish-shalom.co.il\\\/fr\\\/#\\\/schema\\\/logo\\\/image\\\/\",\"url\":\"https:\\\/\\\/ish-shalom.co.il\\\/wp-content\\\/uploads\\\/2024\\\/12\\\/logo-site.svg\",\"contentUrl\":\"https:\\\/\\\/ish-shalom.co.il\\\/wp-content\\\/uploads\\\/2024\\\/12\\\/logo-site.svg\",\"width\":293,\"height\":61,\"caption\":\"\u05d9\u05e0\u05d9\u05d1 \u05d0\u05d9\u05e9 \u05e9\u05dc\u05d5\u05dd \u05de\u05e9\u05e8\u05d3 \u05e2\u05d5\u05e8\u05db\u05d9 \u05d3\u05d9\u05df\"},\"image\":{\"@id\":\"https:\\\/\\\/ish-shalom.co.il\\\/fr\\\/#\\\/schema\\\/logo\\\/image\\\/\"}}]}<\/script>\n<!-- \/ Yoast SEO plugin. -->","yoast_head_json":{"title":"Droit commercial - \u05d9\u05e0\u05d9\u05d1 \u05d0\u05d9\u05e9 \u05e9\u05dc\u05d5\u05dd \u05de\u05e9\u05e8\u05d3 \u05e2\u05d5\u05e8\u05db\u05d9 \u05d3\u05d9\u05df","description":"Le droit civil et commercial est l'un des principaux domaines du monde du droit et, dans son cadre, sont r\u00e9glement\u00e9es toutes les relations contractuelles, \u00e9conomiques et commerciales qui existent entre les individus.","robots":{"index":"index","follow":"follow","max-snippet":"max-snippet:-1","max-image-preview":"max-image-preview:large","max-video-preview":"max-video-preview:-1"},"canonical":"https:\/\/ish-shalom.co.il\/fr\/droit-commercial\/","og_locale":"fr_FR","og_type":"article","og_title":"Droit commercial - \u05d9\u05e0\u05d9\u05d1 \u05d0\u05d9\u05e9 \u05e9\u05dc\u05d5\u05dd \u05de\u05e9\u05e8\u05d3 \u05e2\u05d5\u05e8\u05db\u05d9 \u05d3\u05d9\u05df","og_description":"Le droit civil et commercial est l'un des principaux domaines du monde du droit et, dans son cadre, sont r\u00e9glement\u00e9es toutes les relations contractuelles, \u00e9conomiques et commerciales qui existent entre les individus.","og_url":"https:\/\/ish-shalom.co.il\/fr\/droit-commercial\/","og_site_name":"\u05d9\u05e0\u05d9\u05d1 \u05d0\u05d9\u05e9 \u05e9\u05dc\u05d5\u05dd \u05de\u05e9\u05e8\u05d3 \u05e2\u05d5\u05e8\u05db\u05d9 \u05d3\u05d9\u05df","article_modified_time":"2025-02-05T20:09:21+00:00","twitter_card":"summary_large_image","twitter_misc":{"Dur\u00e9e de lecture estim\u00e9e":"5 minutes"},"schema":{"@context":"https:\/\/schema.org","@graph":[{"@type":"WebPage","@id":"https:\/\/ish-shalom.co.il\/fr\/droit-commercial\/","url":"https:\/\/ish-shalom.co.il\/fr\/droit-commercial\/","name":"Droit commercial - \u05d9\u05e0\u05d9\u05d1 \u05d0\u05d9\u05e9 \u05e9\u05dc\u05d5\u05dd \u05de\u05e9\u05e8\u05d3 \u05e2\u05d5\u05e8\u05db\u05d9 \u05d3\u05d9\u05df","isPartOf":{"@id":"https:\/\/ish-shalom.co.il\/fr\/#website"},"datePublished":"2025-01-03T11:14:39+00:00","dateModified":"2025-02-05T20:09:21+00:00","description":"Le droit civil et commercial est l'un des principaux domaines du monde du droit et, dans son cadre, sont r\u00e9glement\u00e9es toutes les relations contractuelles, \u00e9conomiques et commerciales qui existent entre les individus.","breadcrumb":{"@id":"https:\/\/ish-shalom.co.il\/fr\/droit-commercial\/#breadcrumb"},"inLanguage":"fr-FR","potentialAction":[{"@type":"ReadAction","target":["https:\/\/ish-shalom.co.il\/fr\/droit-commercial\/"]}]},{"@type":"BreadcrumbList","@id":"https:\/\/ish-shalom.co.il\/fr\/droit-commercial\/#breadcrumb","itemListElement":[{"@type":"ListItem","position":1,"name":"\u05d3\u05e3 \u05d4\u05d1\u05d9\u05ea","item":"https:\/\/ish-shalom.co.il\/fr\/"},{"@type":"ListItem","position":2,"name":"Droit commercial"}]},{"@type":"WebSite","@id":"https:\/\/ish-shalom.co.il\/fr\/#website","url":"https:\/\/ish-shalom.co.il\/fr\/","name":"\u05d9\u05e0\u05d9\u05d1 \u05d0\u05d9\u05e9 \u05e9\u05dc\u05d5\u05dd \u05de\u05e9\u05e8\u05d3 \u05e2\u05d5\u05e8\u05db\u05d9 \u05d3\u05d9\u05df","description":"","publisher":{"@id":"https:\/\/ish-shalom.co.il\/fr\/#organization"},"potentialAction":[{"@type":"SearchAction","target":{"@type":"EntryPoint","urlTemplate":"https:\/\/ish-shalom.co.il\/fr\/?s={search_term_string}"},"query-input":{"@type":"PropertyValueSpecification","valueRequired":true,"valueName":"search_term_string"}}],"inLanguage":"fr-FR"},{"@type":"Organization","@id":"https:\/\/ish-shalom.co.il\/fr\/#organization","name":"\u05d9\u05e0\u05d9\u05d1 \u05d0\u05d9\u05e9 \u05e9\u05dc\u05d5\u05dd \u05de\u05e9\u05e8\u05d3 \u05e2\u05d5\u05e8\u05db\u05d9 \u05d3\u05d9\u05df","url":"https:\/\/ish-shalom.co.il\/fr\/","logo":{"@type":"ImageObject","inLanguage":"fr-FR","@id":"https:\/\/ish-shalom.co.il\/fr\/#\/schema\/logo\/image\/","url":"https:\/\/ish-shalom.co.il\/wp-content\/uploads\/2024\/12\/logo-site.svg","contentUrl":"https:\/\/ish-shalom.co.il\/wp-content\/uploads\/2024\/12\/logo-site.svg","width":293,"height":61,"caption":"\u05d9\u05e0\u05d9\u05d1 \u05d0\u05d9\u05e9 \u05e9\u05dc\u05d5\u05dd \u05de\u05e9\u05e8\u05d3 \u05e2\u05d5\u05e8\u05db\u05d9 \u05d3\u05d9\u05df"},"image":{"@id":"https:\/\/ish-shalom.co.il\/fr\/#\/schema\/logo\/image\/"}}]}},"_links":{"self":[{"href":"https:\/\/ish-shalom.co.il\/fr\/wp-json\/wp\/v2\/pages\/2729","targetHints":{"allow":["GET"]}}],"collection":[{"href":"https:\/\/ish-shalom.co.il\/fr\/wp-json\/wp\/v2\/pages"}],"about":[{"href":"https:\/\/ish-shalom.co.il\/fr\/wp-json\/wp\/v2\/types\/page"}],"author":[{"embeddable":true,"href":"https:\/\/ish-shalom.co.il\/fr\/wp-json\/wp\/v2\/users\/1"}],"replies":[{"embeddable":true,"href":"https:\/\/ish-shalom.co.il\/fr\/wp-json\/wp\/v2\/comments?post=2729"}],"version-history":[{"count":14,"href":"https:\/\/ish-shalom.co.il\/fr\/wp-json\/wp\/v2\/pages\/2729\/revisions"}],"predecessor-version":[{"id":6788,"href":"https:\/\/ish-shalom.co.il\/fr\/wp-json\/wp\/v2\/pages\/2729\/revisions\/6788"}],"wp:attachment":[{"href":"https:\/\/ish-shalom.co.il\/fr\/wp-json\/wp\/v2\/media?parent=2729"}],"curies":[{"name":"wp","href":"https:\/\/api.w.org\/{rel}","templated":true}]}}